{"id":644,"date":"2013-03-19T10:26:19","date_gmt":"2013-03-19T14:26:19","guid":{"rendered":"http:\/\/14497.a.aliquando.immo\/?page_id=644"},"modified":"2017-11-10T11:55:16","modified_gmt":"2017-11-10T16:55:16","slug":"temoignages","status":"publish","type":"page","link":"https:\/\/eryckveziau.com\/en\/temoignages\/","title":{"rendered":"Testimonies"},"content":{"rendered":"<p><\/p>\n<h4>Maud et Michel, Chomedey, Laval<\/h4>\n<p>*Ce tout petit mot mot bien simple est rempli de pleins de mercis les plus sinc\u00e8res. Merci de nous avoir aid\u00e9s dans cette grande d\u00e9marche de vendre notre belle maison. Nous partons la t\u00eate tranquille et toi Eryck tu y as contribu\u00e9 d&#8217;une tr\u00e8s belle fa\u00e7on. Merci encore pour tout, ton temps, ton \u00e9coute et ton amiti\u00e9. Les gens de RE\/MAX sont tr\u00e8s chanceux de t&#8217;avoir dans leur \u00e9quipe!<\/p>\n<h4>Sara-Genevi\u00e8ve Dagenais et Fran\u00e7ois Pageau, Chomedey et Ste-Doroth\u00e9e, Laval<\/h4>\n<p>*Eryck, notre courtier immobilier, a une \u00e9coute attentive, une bonne compr\u00e9hension du march\u00e9 et connait les strat\u00e9gies qu&#8217;il faut adopter pour r\u00e9aliser une vente rapidement. Si l&#8217;occasion se pr\u00e9sente, c&#8217;est certain que nous allons le r\u00e9f\u00e9rer!!<\/p>\n<h4>Karine Roy et Aur\u00e9lien Degoute, Ste-Doroth\u00e9e, Laval<\/h4>\n<p>*Professionnel, tr\u00e8s calme, qui inspire la confiance de l&#8217;acheteur et du vendeur. Tout se fait en douceur avec Eryck&#8230;G\u00e9nial! Je le r\u00e9f\u00e8re \u00e0 200%!<\/p>\n<h4><em>M.Richard Desormeaux et Mme Am\u00e9lie Pinard, Ste-Doroth\u00e9e, Laval<\/em><\/h4>\n<p>*Notre courtier immobilier M.V\u00e9ziau a \u00e9t\u00e9 professionnel jusqu&#8217;au bout de la transaction, justesse dans ses \u00e9valuations, toujours disponible et \u00e0 de tr\u00e8s bonnes connaissance dans l&#8217;immobilier. Il a su bien nous\u00a0guider dans notre d\u00e9marche pour la vente et l&#8217;achat de nos propri\u00e9t\u00e9s.<\/p>\n<h4><em>M.Hernando Diaz et Mme Emmanuelle Par\u00e9, Lachenaie<\/em><\/h4>\n<p>*M.V\u00e9ziau est\u00a0 tr\u00e8s sympathique, respectueux, n&#8217;h\u00e9site pas \u00e0 faire de l&#8217;extra Mile etc&#8230;. Franchement , nous n&#8217;avons que des \u00e9loges pour ce courtier, c&#8217;est avec plaisir que nous recommanderons notre courtier!!<\/p>\n<h4><em>Mme Julie Ferraris, Ste-Doroth\u00e9e, Laval<\/em><\/h4>\n<p>*Merci \u00e0 Eryck et son \u00e9quipe pour votre beau travail et support et dans les cas de clients, je vous le r\u00e9f\u00e9rerai avec plaisir. Eryck est un agent qui r\u00e9ponds \u00e0 nos besoins de fa\u00e7on claire et pr\u00e9cise.<\/p>\n<h4><em>Mme Fragoso et M.Lopes , Ste-Doroth\u00e9e, Laval<\/em><\/h4>\n<p>*M. V\u00e9ziau est une personne tr\u00e8s humaine et un excellent professionnel, ensemble\u00a0nous avons\u00a0 trouv\u00e9s une propri\u00e9t\u00e9 qui r\u00e9pond en tous points\u00a0\u00e0 nos besoins.\u00a0Nous avons r\u00e9ussis \u00e0 vendre notre maison avant que les conditions sur l&#8217;autre propri\u00e9t\u00e9\u00a0ne tombent\u00a0et c&#8217;est avec plaisir que nous recommanderons notre courtier immobilier, car il s&#8217;adapte tr\u00e8s facilement \u00e0 sa client\u00e8le.<\/p>\n<h4><em>Jean-S\u00e9bastien et Jean-Philippe,Ste-Doroth\u00e9e, Laval<\/em><\/h4>\n<p>*Eryck V\u00e9ziau est un courtier professionnel, disponible, comp\u00e9tent, calme et rassurant. Il pratique une \u00e9coute attentive pour cerner nos besoins. Il ma\u00eetrise bien la connaissance du march\u00e9 et nous a toujours r\u00e9pondu de fa\u00e7on claire et pr\u00e9cise. Nous n&#8217;h\u00e9siterons pas \u00e0 le r\u00e9f\u00e9rer \u00e0 nos proches.<\/p>\n<h4><em>Hugues, Ste-Doroth\u00e9e,Ste-Doroth\u00e9e,Laval<\/em><\/h4>\n<p>*Eryck est tr\u00e8s professionnel, il a compris d\u00e8s le d\u00e9part comment vendre ma maison. Il gardait un suivi serr\u00e9 des mes visites et il communiquait avec moi sur une base r\u00e9guli\u00e8re afin de me garder inform\u00e9. Excellent site web, il a vendu ma propri\u00e9t\u00e9 dans les 3 semaines suivant la mise en march\u00e9! Je n&#8217;h\u00e9siterais pas \u00e0 le recommander. Excellent travail!<\/p>\n<h4><em>Claudine,\u00a0Ste-Doroth\u00e9e,Laval<\/em><\/h4>\n<p>* Merci a toi Eryck pour avoir \u00e9t\u00e9 avec moi tout le long de mon cheminement!!! Je n&#8217;aurais pas pu le faire sans Le meilleur agent en Ville!\u00a0Tu as offert le meilleur service que je n&#8217;ai jamais re\u00e7u d&#8217;un courtier immobilier. Ton niveau de service d\u00e9passe plusieurs professionnels que ce soit dans l&#8217;immobilier ou autres!!! Tu es mon courtier \u00e0 vie!!!!<\/p>\n<h4><em>Christian, Deux-Montagnes, Rive-Nord<\/em><\/h4>\n<p>* Je ne m&#8217;\u00e9tais aucunement tromp\u00e9 pour le choix de mon agent pour la vente de ma propri\u00e9t\u00e9! \u00c9ryck V\u00e9ziau a su se d\u00e9montrer d&#8217;un professionnalisme exemplaire d\u00e9passant de loin les attentes que j&#8217;avais envers un agent immobilier et de s&#8217;accomplir de la t\u00e2che que je lui avais l\u00e9gu\u00e9! Merci \u00c9ryck d&#8217;avoir \u00e9t\u00e9 plus que pr\u00e9sent et disponible et ce, m\u00eame dans les moments d&#8217;adversit\u00e9s que nous avons du traverser tout au long du processus de vente! Un gros merci a toi a tous les niveaux pour ton travail acharn\u00e9 et Dieu sait que \u00e7a n&#8217;a pas \u00e9t\u00e9 de tout repos! \u00c9ryck Veziau,pour la vente ou l&#8217;achat d&#8217;une propri\u00e9t\u00e9 est,sans \u00e9quivoque,celui que je vous recommande! Merci!:)<\/p>\n<h4><em>Naomi,\u00a0Ste-Doroth\u00e9e,Laval<\/em><\/h4>\n<p>*\u00a0Thanks to you Eryck.\u00a0I would love to refer you to people I know if they are looking for an agent.\u00a0Your work was excellent!! I am very pleased and satisfied!<\/p>\n<h4><em>St\u00e9phanie,\u00a0Montr\u00e9al<\/em><\/h4>\n<p>* Eryck V\u00e9ziau est un courtier immobilier brillant. Son d\u00e9vouement, sa disponibilit\u00e9, son honn\u00eatet\u00e9 sans compter son grand sens de l&#8217;humour font de lui un coiurtier immobilier et une personne remarquable. Sans h\u00e9siter, je recommande ses services.<\/p>\n<h4><em>Marie-\u00c8ve, St-Eustache, Rive Nord<\/em><\/h4>\n<p>*Merciii!!! Mais c&#8217;est plut\u00f4t nous qui te devons un \u00e9norme MERCI!<\/p>\n<h4><em>Anh-Tu,\u00a0Ste-Doroth\u00e9e,Laval<\/em><\/h4>\n<p>*Eryck est tr\u00e8s disponible et \u00e0 l&#8217;\u00e9coute de vos besoin, toujours sympathique et courtois. Il connait tr\u00e8s bien son travail et le march\u00e9. \u00a0\u00a0Merci pour la vente rapide Eryck!<\/p>\n<h4>Francine,Annick et Nicolas<\/h4>\n<p>* Merci Eryck pour ton aide et tes conseils. Un grand merci et une bonne pens\u00e9e aussi. Comme c&#8217;\u00e9tait gentil de ta part!<\/p>\n<p><strong>Suzanne Diotte,Ste-Doroth\u00e9e, Laval<\/strong><\/p>\n<p>*Eryck sait clairement identifier les besoins, il a une grande connaissance du march\u00e9 et r\u00e9pond toujours de fa\u00e7on claire et pr\u00e9cise \u00e0 nos questions. En plus de plusieurs points mentionn\u00e9s dans mon compte rendu&#8230;.son approche est calme et rassurante, il sait nous mettre \u00e0 l&#8217;aise. Bref , il sait nous mettre \u00e0 l&#8217;aise!<\/p>\n<p>Si je le recommenderais&#8230;&#8230;&#8230;&#8230;&#8230;&#8230;&#8230;&#8230; Tout \u00e0 fait!!!<\/p>\n<p><strong>Suzanne Dauphinais et Robert L&#8217;Africain,Ste-Doroth\u00e9e Lava<\/strong>l<\/p>\n<p>C\u2019est avec plaisir que nous recommandons notre courtier (D\u00e9j\u00e0 fait)<\/p>\n<p>\u00c0 l&#8217;\u00e9coute, efficace, retours rapides sur les situations et demandes et facilement accessible soit par t\u00e9l\u00e9phone ou courriel. M.V\u00e9ziau est encourageant et d&#8217;une grande disponibilit\u00e9, il est tr\u00e8s humain, aimable, ouvert d&#8217;esprit et positif. Il a une tr\u00e8s bonne connaissance du march\u00e9 et sinon il n&#8217;h\u00e9site pas \u00e0 s&#8217;informer.<\/p>\n<p>&nbsp;<\/p>\n<p>&nbsp;<\/p>\n<p>&nbsp;<\/p>\n<div><\/div>\n<p><\/p>","protected":false},"excerpt":{"rendered":"<p>Maud et Michel, Chomedey, Laval *Ce tout petit mot mot bien simple est rempli de pleins de mercis les plus sinc\u00e8res. Merci de nous avoir aid\u00e9s dans cette grande d\u00e9marche de vendre notre belle maison. Nous partons la t\u00eate tranquille et toi Eryck tu y as contribu\u00e9 d&#8217;une tr\u00e8s belle fa\u00e7on. Merci encore pour tout, [&hellip;]<\/p>\n","protected":false},"author":560,"featured_media":0,"parent":0,"menu_order":2,"comment_status":"open","ping_status":"closed","template":"t_temoignages.php","meta":{"_acf_changed":false,"footnotes":""},"class_list":["post-644","page","type-page","status-publish","hentry"],"acf":[],"yoast_head":"<!-- This site is optimized with the Yoast SEO plugin v26.7 - https:\/\/yoast.com\/wordpress\/plugins\/seo\/ -->\n<title>Testimonies | ERYCK V\u00c9ZIAU, COURTIER IMMOBILIER LAVAL, COURTIER IMMOBILIER STE-DOROTH\u00c9E, MAISON \u00c0 VENDRE LAVAL, AGENT IMMOBILIER STE-DOROTH\u00c9E<\/title>\n<meta name=\"robots\" content=\"index, follow, max-snippet:-1, max-image-preview:large, max-video-preview:-1\" \/>\n<link rel=\"canonical\" href=\"https:\/\/eryckveziau.com\/temoignages\/\" \/>\n<meta property=\"og:locale\" content=\"en_US\" \/>\n<meta property=\"og:type\" content=\"article\" \/>\n<meta property=\"og:title\" content=\"Testimonies | ERYCK V\u00c9ZIAU, COURTIER IMMOBILIER LAVAL, COURTIER IMMOBILIER STE-DOROTH\u00c9E, MAISON \u00c0 VENDRE LAVAL, AGENT IMMOBILIER STE-DOROTH\u00c9E\" \/>\n<meta property=\"og:description\" content=\"Maud et Michel, Chomedey, Laval *Ce tout petit mot mot bien simple est rempli de pleins de mercis les plus sinc\u00e8res. Merci de nous avoir aid\u00e9s dans cette grande d\u00e9marche de vendre notre belle maison. Nous partons la t\u00eate tranquille et toi Eryck tu y as contribu\u00e9 d&#8217;une tr\u00e8s belle fa\u00e7on. Merci encore pour tout, [&hellip;]\" \/>\n<meta property=\"og:url\" content=\"https:\/\/eryckveziau.com\/temoignages\/\" \/>\n<meta property=\"og:site_name\" content=\"ERYCK V\u00c9ZIAU, COURTIER IMMOBILIER LAVAL, COURTIER IMMOBILIER STE-DOROTH\u00c9E, MAISON \u00c0 VENDRE LAVAL, AGENT IMMOBILIER STE-DOROTH\u00c9E\" \/>\n<meta property=\"article:publisher\" content=\"https:\/\/www.facebook.com\/EryckVeziau.courtier.immobilier.ReMax.Laval\" \/>\n<meta property=\"article:modified_time\" content=\"2017-11-10T16:55:16+00:00\" \/>\n<meta property=\"og:image\" content=\"https:\/\/eryckveziau.com\/files\/2022\/09\/PartageEveziau.png\" \/>\n\t<meta property=\"og:image:width\" content=\"924\" \/>\n\t<meta property=\"og:image:height\" content=\"454\" \/>\n\t<meta property=\"og:image:type\" content=\"image\/png\" \/>\n<meta name=\"twitter:card\" content=\"summary_large_image\" \/>\n<meta name=\"twitter:label1\" content=\"Est. reading time\" \/>\n\t<meta name=\"twitter:data1\" content=\"5 minutes\" \/>\n<script type=\"application\/ld+json\" class=\"yoast-schema-graph\">{\"@context\":\"https:\/\/schema.org\",\"@graph\":[{\"@type\":\"WebPage\",\"@id\":\"https:\/\/eryckveziau.com\/temoignages\/\",\"url\":\"https:\/\/eryckveziau.com\/temoignages\/\",\"name\":\"[:fr]T\u00e9moignages[:en]Testimonies[:] | ERYCK V\u00c9ZIAU, COURTIER IMMOBILIER LAVAL, COURTIER IMMOBILIER STE-DOROTH\u00c9E, MAISON \u00c0 VENDRE LAVAL, AGENT IMMOBILIER STE-DOROTH\u00c9E\",\"isPartOf\":{\"@id\":\"https:\/\/eryckveziau.com\/en\/#website\"},\"datePublished\":\"2013-03-19T14:26:19+00:00\",\"dateModified\":\"2017-11-10T16:55:16+00:00\",\"breadcrumb\":{\"@id\":\"https:\/\/eryckveziau.com\/temoignages\/#breadcrumb\"},\"inLanguage\":\"en-US\",\"potentialAction\":[{\"@type\":\"ReadAction\",\"target\":[\"https:\/\/eryckveziau.com\/temoignages\/\"]}]},{\"@type\":\"BreadcrumbList\",\"@id\":\"https:\/\/eryckveziau.com\/temoignages\/#breadcrumb\",\"itemListElement\":[{\"@type\":\"ListItem\",\"position\":1,\"name\":\"Accueil\",\"item\":\"https:\/\/eryckveziau.com\/en\/\"},{\"@type\":\"ListItem\",\"position\":2,\"name\":\"T\u00e9moignages\"}]},{\"@type\":\"WebSite\",\"@id\":\"https:\/\/eryckveziau.com\/en\/#website\",\"url\":\"https:\/\/eryckveziau.com\/en\/\",\"name\":\"ERYCK V\u00c9ZIAU, COURTIER IMMOBILIER LAVAL, COURTIER IMMOBILIER STE-DOROTH\u00c9E, MAISON \u00c0 VENDRE LAVAL, AGENT IMMOBILIER STE-DOROTH\u00c9E\",\"description\":\"\",\"publisher\":{\"@id\":\"https:\/\/eryckveziau.com\/en\/#organization\"},\"potentialAction\":[{\"@type\":\"SearchAction\",\"target\":{\"@type\":\"EntryPoint\",\"urlTemplate\":\"https:\/\/eryckveziau.com\/en\/?s={search_term_string}\"},\"query-input\":{\"@type\":\"PropertyValueSpecification\",\"valueRequired\":true,\"valueName\":\"search_term_string\"}}],\"inLanguage\":\"en-US\"},{\"@type\":\"Organization\",\"@id\":\"https:\/\/eryckveziau.com\/en\/#organization\",\"name\":\"Eryck V\u00e9ziau RE\/MAX\",\"url\":\"https:\/\/eryckveziau.com\/en\/\",\"logo\":{\"@type\":\"ImageObject\",\"inLanguage\":\"en-US\",\"@id\":\"https:\/\/eryckveziau.com\/en\/#\/schema\/logo\/image\/\",\"url\":\"https:\/\/eryckveziau.com\/files\/2022\/09\/PartageEveziau.png\",\"contentUrl\":\"https:\/\/eryckveziau.com\/files\/2022\/09\/PartageEveziau.png\",\"width\":924,\"height\":454,\"caption\":\"Eryck V\u00e9ziau RE\/MAX\"},\"image\":{\"@id\":\"https:\/\/eryckveziau.com\/en\/#\/schema\/logo\/image\/\"},\"sameAs\":[\"https:\/\/www.facebook.com\/EryckVeziau.courtier.immobilier.ReMax.Laval\",\"https:\/\/www.instagram.com\/eryck_veziau_remax\/\",\"https:\/\/www.linkedin.com\/in\/eryck-v\u00e9ziau-6a445134\/\",\"https:\/\/www.youtube.com\/user\/eveziau\"]}]}<\/script>\n<!-- \/ Yoast SEO plugin. -->","yoast_head_json":{"title":"Testimonies | ERYCK V\u00c9ZIAU, COURTIER IMMOBILIER LAVAL, COURTIER IMMOBILIER STE-DOROTH\u00c9E, MAISON \u00c0 VENDRE LAVAL, AGENT IMMOBILIER STE-DOROTH\u00c9E","robots":{"index":"index","follow":"follow","max-snippet":"max-snippet:-1","max-image-preview":"max-image-preview:large","max-video-preview":"max-video-preview:-1"},"canonical":"https:\/\/eryckveziau.com\/temoignages\/","og_locale":"en_US","og_type":"article","og_title":"Testimonies | ERYCK V\u00c9ZIAU, COURTIER IMMOBILIER LAVAL, COURTIER IMMOBILIER STE-DOROTH\u00c9E, MAISON \u00c0 VENDRE LAVAL, AGENT IMMOBILIER STE-DOROTH\u00c9E","og_description":"Maud et Michel, Chomedey, Laval *Ce tout petit mot mot bien simple est rempli de pleins de mercis les plus sinc\u00e8res. Merci de nous avoir aid\u00e9s dans cette grande d\u00e9marche de vendre notre belle maison. Nous partons la t\u00eate tranquille et toi Eryck tu y as contribu\u00e9 d&#8217;une tr\u00e8s belle fa\u00e7on. Merci encore pour tout, [&hellip;]","og_url":"https:\/\/eryckveziau.com\/temoignages\/","og_site_name":"ERYCK V\u00c9ZIAU, COURTIER IMMOBILIER LAVAL, COURTIER IMMOBILIER STE-DOROTH\u00c9E, MAISON \u00c0 VENDRE LAVAL, AGENT IMMOBILIER STE-DOROTH\u00c9E","article_publisher":"https:\/\/www.facebook.com\/EryckVeziau.courtier.immobilier.ReMax.Laval","article_modified_time":"2017-11-10T16:55:16+00:00","og_image":[{"width":924,"height":454,"url":"https:\/\/eryckveziau.com\/files\/2022\/09\/PartageEveziau.png","type":"image\/png"}],"twitter_card":"summary_large_image","twitter_misc":{"Est. reading time":"5 minutes"},"schema":{"@context":"https:\/\/schema.org","@graph":[{"@type":"WebPage","@id":"https:\/\/eryckveziau.com\/temoignages\/","url":"https:\/\/eryckveziau.com\/temoignages\/","name":"[:fr]T\u00e9moignages[:en]Testimonies[:] | ERYCK V\u00c9ZIAU, COURTIER IMMOBILIER LAVAL, COURTIER IMMOBILIER STE-DOROTH\u00c9E, MAISON \u00c0 VENDRE LAVAL, AGENT IMMOBILIER STE-DOROTH\u00c9E","isPartOf":{"@id":"https:\/\/eryckveziau.com\/en\/#website"},"datePublished":"2013-03-19T14:26:19+00:00","dateModified":"2017-11-10T16:55:16+00:00","breadcrumb":{"@id":"https:\/\/eryckveziau.com\/temoignages\/#breadcrumb"},"inLanguage":"en-US","potentialAction":[{"@type":"ReadAction","target":["https:\/\/eryckveziau.com\/temoignages\/"]}]},{"@type":"BreadcrumbList","@id":"https:\/\/eryckveziau.com\/temoignages\/#breadcrumb","itemListElement":[{"@type":"ListItem","position":1,"name":"Accueil","item":"https:\/\/eryckveziau.com\/en\/"},{"@type":"ListItem","position":2,"name":"T\u00e9moignages"}]},{"@type":"WebSite","@id":"https:\/\/eryckveziau.com\/en\/#website","url":"https:\/\/eryckveziau.com\/en\/","name":"ERYCK V\u00c9ZIAU, COURTIER IMMOBILIER LAVAL, COURTIER IMMOBILIER STE-DOROTH\u00c9E, MAISON \u00c0 VENDRE LAVAL, AGENT IMMOBILIER STE-DOROTH\u00c9E","description":"","publisher":{"@id":"https:\/\/eryckveziau.com\/en\/#organization"},"potentialAction":[{"@type":"SearchAction","target":{"@type":"EntryPoint","urlTemplate":"https:\/\/eryckveziau.com\/en\/?s={search_term_string}"},"query-input":{"@type":"PropertyValueSpecification","valueRequired":true,"valueName":"search_term_string"}}],"inLanguage":"en-US"},{"@type":"Organization","@id":"https:\/\/eryckveziau.com\/en\/#organization","name":"Eryck V\u00e9ziau RE\/MAX","url":"https:\/\/eryckveziau.com\/en\/","logo":{"@type":"ImageObject","inLanguage":"en-US","@id":"https:\/\/eryckveziau.com\/en\/#\/schema\/logo\/image\/","url":"https:\/\/eryckveziau.com\/files\/2022\/09\/PartageEveziau.png","contentUrl":"https:\/\/eryckveziau.com\/files\/2022\/09\/PartageEveziau.png","width":924,"height":454,"caption":"Eryck V\u00e9ziau RE\/MAX"},"image":{"@id":"https:\/\/eryckveziau.com\/en\/#\/schema\/logo\/image\/"},"sameAs":["https:\/\/www.facebook.com\/EryckVeziau.courtier.immobilier.ReMax.Laval","https:\/\/www.instagram.com\/eryck_veziau_remax\/","https:\/\/www.linkedin.com\/in\/eryck-v\u00e9ziau-6a445134\/","https:\/\/www.youtube.com\/user\/eveziau"]}]}},"_links":{"self":[{"href":"https:\/\/eryckveziau.com\/en\/wp-json\/wp\/v2\/pages\/644","targetHints":{"allow":["GET"]}}],"collection":[{"href":"https:\/\/eryckveziau.com\/en\/wp-json\/wp\/v2\/pages"}],"about":[{"href":"https:\/\/eryckveziau.com\/en\/wp-json\/wp\/v2\/types\/page"}],"author":[{"embeddable":true,"href":"https:\/\/eryckveziau.com\/en\/wp-json\/wp\/v2\/users\/560"}],"replies":[{"embeddable":true,"href":"https:\/\/eryckveziau.com\/en\/wp-json\/wp\/v2\/comments?post=644"}],"version-history":[{"count":3,"href":"https:\/\/eryckveziau.com\/en\/wp-json\/wp\/v2\/pages\/644\/revisions"}],"predecessor-version":[{"id":3455,"href":"https:\/\/eryckveziau.com\/en\/wp-json\/wp\/v2\/pages\/644\/revisions\/3455"}],"wp:attachment":[{"href":"https:\/\/eryckveziau.com\/en\/wp-json\/wp\/v2\/media?parent=644"}],"curies":[{"name":"wp","href":"https:\/\/api.w.org\/{rel}","templated":true}]}}